{"id":2,"date":"2023-06-21T14:22:28","date_gmt":"2023-06-21T12:22:28","guid":{"rendered":"http:\/\/kwwxqce.cluster027.hosting.ovh.net\/?page_id=2"},"modified":"2024-07-04T21:40:59","modified_gmt":"2024-07-04T19:40:59","slug":"page-d-exemple","status":"publish","type":"page","link":"http:\/\/mine2rien.fr\/index.php\/page-d-exemple\/","title":{"rendered":"Biographie"},"content":{"rendered":"\n<p class=\"has-black-color has-cyan-bluish-gray-background-color has-text-color has-background\">Je suis n\u00e9e en 1978 dans le Lot (46) et vis \u00e0 Toulouse (31) depuis 2016.<\/p>\n\n\n\n<p class=\"has-text-align-left has-black-color has-cyan-bluish-gray-background-color has-text-color has-background has-medium-font-size\">J&rsquo;\u00e9cris comme je respire avec parfois, le souffle court et parfois, la grande inspiration m\u00e9ditative. Depuis mes premiers po\u00e8mes d&rsquo;adolescente en qu\u00eate de sens, l&rsquo;\u00e9criture f\u00fbt, pour la dyslexique que je suis, un vrai combat et une authentique revanche sur la fatalit\u00e9 que semblait vouloir m&rsquo;imposer le syst\u00e8me scolaire. Une \u00e9crivaine ? Dyslexique ? Pour eux c&rsquo;\u00e9tait impossible. Alors j&rsquo;ai travaill\u00e9 dans mon coin, toute seule. J&rsquo;ai \u00e9tudi\u00e9 et me suis passionn\u00e9e pour l&rsquo;\u00e9tymologie des mots de la langue fran\u00e7aise, le sens profond des choses et la magie du Verbe.<\/p>\n\n\n\n<p class=\"has-black-color has-cyan-bluish-gray-background-color has-text-color has-background has-medium-font-size\">J&rsquo;aurais aim\u00e9 suivre un cursus litt\u00e9raire dans le g\u00e9n\u00e9ral, mais on m&rsquo;en d\u00e9tourna pour une section professionnelle dans la vente et le commerce. L\u00e0, j&rsquo;ai pu mettre \u00e0 profit mes cours de th\u00e9\u00e2tre et d&rsquo;improvisation. Mes talents de com\u00e9dienne et un travail acharn\u00e9 de script et de r\u00e9daction, m&rsquo;ont quand m\u00eame permis d&rsquo;obtenir mon bac avec mention et de poursuivre des \u00e9tudes sup\u00e9rieures en BTS Force de Vente &#8211; Management et Marketing. Je suis donc dipl\u00f4m\u00e9e d&rsquo;un bac +2 envers et contre toutes fatalit\u00e9s.<\/p>\n\n\n\n<p class=\"has-black-color has-cyan-bluish-gray-background-color has-text-color has-background has-medium-font-size\">J&rsquo;\u00e9tais commerciale pour divers produits et services, mais je trainais toujours avec moi mon petit cahier de notes, de po\u00e9sies et d&rsquo;histoires. Car, ce que j&rsquo;aime par dessus tout, c&rsquo;est raconter des histoires. Ce m\u00e9tier de contact aiguisa mon go\u00fbt de la rencontre et ma curiosit\u00e9 naturelle. La vie des autres, leurs choix et leurs parcours, leurs blessures et leurs r\u00eaves me passionnaient. Je crois que cette fibre sociologique est un facteur r\u00e9curent du profil de l&rsquo;\u00e9crivain.e. <\/p>\n\n\n\n<p class=\"has-black-color has-cyan-bluish-gray-background-color has-text-color has-background has-medium-font-size\">J&rsquo;ai toujours voulu \u00eatre \u00e9crivaine et j&rsquo;ai toujours \u00e9cris avec cette fi\u00e8vre chevill\u00e9e au corps. Mais je n&rsquo;en parlais \u00e0 personne. J&rsquo;avais tellement honte de moi, d&rsquo;\u00eatre lue et m\u00e9pris\u00e9e. Le complexe Dys, c&rsquo;est un truc dur \u00e0 porter et d&rsquo;autant plus difficile \u00e0 assumer dans les milieux intellectuels et litt\u00e9raires. Je faisais tout pour le camoufler. Ecrire, c&rsquo;\u00e9tait mon petit jardin secret, mon univers de libert\u00e9 o\u00f9 pouvait s&rsquo;\u00e9panouir toute mon imagination et tous mes r\u00eaves. <\/p>\n\n\n\n<p class=\"has-black-color has-cyan-bluish-gray-background-color has-text-color has-background has-medium-font-size\">Et puis, en 2012, j&rsquo;ai mis les pieds sur les sc\u00e8nes du r\u00e9seau Slam de France. On m&rsquo;a encourag\u00e9 \u00e0 d\u00e9clamer du texte au format 3 minutes devant un public en effervescence. Tr\u00e8s intimidant, tr\u00e8s enrichissant et tr\u00e8s r\u00e9v\u00e9lateur. Pour moi ce f\u00fbt une \u00e9cole de la deuxi\u00e8me chance. Ma po\u00e9sie trouvait un public et ma dyslexie pouvait enfin s&rsquo;exprimer en toute libert\u00e9. J&rsquo;ai particip\u00e9 au Grand Slam National avec Culture Rapide plusieurs ann\u00e9es d&rsquo;affil\u00e9es. Puis, j&rsquo;ai organis\u00e9 et anim\u00e9 plusieurs sc\u00e8nes r\u00e9guli\u00e8res sur Toulouse. Encore aujourd&rsquo;hui, j&rsquo;aime slamer et me pr\u00eater \u00e0 l&rsquo;exercice dans diff\u00e9rents lieux culturels de ma ville. Les sc\u00e9nes ouvertes dans les bars, les Nuits du Slam, les tournois de la Ligue, sont pour moi des rendez-vous riches et inspirants.<\/p>\n\n\n\n<p class=\"has-black-color has-cyan-bluish-gray-background-color has-text-color has-background has-medium-font-size\">Parall\u00e8lement, je travaillais \u00e0 la r\u00e9daction et \u00e0 l&rsquo;\u00e9dition de mon premier Roman et petit \u00e0 petit \u2026 un deuxi\u00e8me, des Nouvelles, un Essai et toujours de la Po\u00e9sie slam. Aujourd&rsquo;hui, \u00e0 40 ans, je pense avoir suffisamment de mati\u00e8re pour pouvoir dire que je suis une \u00e9crivaine. Bien s\u00fbr, mon parcours a \u00e9t\u00e9 long et laborieux et m&rsquo;a demand\u00e9 dix fois plus de travail et d&rsquo;acharnement pour \u00eatre \u00e0 la hauteur de mes ambitions. Je passe beaucoup de temps \u00e0 corriger avec toujours cette angoisse de la \u00ab\u00a0faute\u00a0\u00bb d&rsquo;orthographe. \u00ab\u00a0Une erreur n&rsquo;est pas une faute.\u00a0\u00bb M&rsquo;a dit un jour un ami. C&rsquo;est ce que je souhaite transmettre \u00e0 toutes celles et ceux que la fatalit\u00e9 \u00e9crase et maintient dans l&rsquo;\u00e9chec. Les mots sont une arme et aussi un pansement \u00e0 tous les maux.<\/p>\n\n\n\n<p class=\"has-black-color has-cyan-bluish-gray-background-color has-text-color has-background has-medium-font-size\"> Ne renoncez jamais ! <\/p>\n","protected":false},"excerpt":{"rendered":"<p>Je suis n\u00e9e en 1978 dans le Lot (46) et vis \u00e0 Toulouse (31) depuis 2016. J&rsquo;\u00e9cris comme je respire avec parfois, le souffle court et parfois, la grande inspiration m\u00e9ditative. Depuis mes premiers po\u00e8mes d&rsquo;adolescente en qu\u00eate de sens, l&rsquo;\u00e9criture f\u00fbt, pour la dyslexique que je suis, un vrai combat et une authentique revanche&hellip; <br \/> <a class=\"read-more\" href=\"http:\/\/mine2rien.fr\/index.php\/page-d-exemple\/\">Lire la suite<\/a><\/p>\n","protected":false},"author":2,"featured_media":0,"parent":0,"menu_order":0,"comment_status":"closed","ping_status":"open","template":"","meta":{"footnotes":""},"class_list":["post-2","page","type-page","status-publish","hentry"],"_links":{"self":[{"href":"http:\/\/mine2rien.fr\/index.php\/wp-json\/wp\/v2\/pages\/2","targetHints":{"allow":["GET"]}}],"collection":[{"href":"http:\/\/mine2rien.fr\/index.php\/wp-json\/wp\/v2\/pages"}],"about":[{"href":"http:\/\/mine2rien.fr\/index.php\/wp-json\/wp\/v2\/types\/page"}],"author":[{"embeddable":true,"href":"http:\/\/mine2rien.fr\/index.php\/wp-json\/wp\/v2\/users\/2"}],"replies":[{"embeddable":true,"href":"http:\/\/mine2rien.fr\/index.php\/wp-json\/wp\/v2\/comments?post=2"}],"version-history":[{"count":12,"href":"http:\/\/mine2rien.fr\/index.php\/wp-json\/wp\/v2\/pages\/2\/revisions"}],"predecessor-version":[{"id":419,"href":"http:\/\/mine2rien.fr\/index.php\/wp-json\/wp\/v2\/pages\/2\/revisions\/419"}],"wp:attachment":[{"href":"http:\/\/mine2rien.fr\/index.php\/wp-json\/wp\/v2\/media?parent=2"}],"curies":[{"name":"wp","href":"https:\/\/api.w.org\/{rel}","templated":true}]}}